{"id":1380,"date":"2017-09-29T21:45:54","date_gmt":"2017-09-29T19:45:54","guid":{"rendered":"https:\/\/www.choreoscope.com\/ediciones-anteriores\/?page_id=1380"},"modified":"2017-11-06T11:09:46","modified_gmt":"2017-11-06T10:09:46","slug":"docu-17","status":"publish","type":"page","link":"https:\/\/www.choreoscope.com\/ediciones-anteriores\/docu-17\/","title":{"rendered":"Documental 17"},"content":{"rendered":"<section class=\"wpb-content-wrapper\"><p>[vc_row][vc_column width=\u00bb1\/4&#8243;][\/vc_column][vc_column width=\u00bb1\/2&#8243;]<div class=\"smile-icon-timeline-wrap csstime   \"     style=\"\"><div class=\"timeline-line \" style=\"border-right-color:;\"><span><\/span><\/div><div class=\"timeline-wrapper\"><\/div><div class=\"timeline-feature-item feat-item feat-top \"><div class=\"feat-dot feat-top\"><div class=\"timeline-dot\"><\/div><\/div><div class=\"ult-timeline-arrow feat-top\"><s><\/s><l><\/l><\/div><div class=\"timeline-icon-block\"><div class=\"ult-timeline-icon tl-icon-no-bg\" style=\"   \"><\/div> <!-- icon --><\/div><div class=\"timeline-header-block\" >\n\t\t\t\t\t\t\t<div class=\"timeline-header\" id=\"timeline-featured-1044\"  style=\"\"><h3\n\t\t\t class=\"ult-timeline-title ult-responsive\"   data-ultimate-target='#timeline-featured-1044 .ult-timeline-title'  data-responsive-json-new='{\"font-size\":\"\",\"line-height\":\"\"}'  style=\"\"><\/h3><div class=\"ult-responsive custom-lht\"  data-ultimate-target='#timeline-featured-1044 .custom-lht'  data-responsive-json-new='{\"font-size\":\"\",\"line-height\":\"\"}'  style=\"\"><img decoding=\"async\" loading=\"lazy\" class=\"aligncenter wp-image-853 size-full\" src=\"https:\/\/www.choreoscope.com\/ediciones-anteriores\/wp-content\/uploads\/2016\/10\/filmoteca.png\" alt=\"filmoteca\" width=\"277\" height=\"100\" \/><\/div><\/div> <!-- header --><\/div><\/div><div class=\"timeline-wrapper \"><\/div><div class=\"timeline-feature-item feat-item  \"><div class=\"feat-dot \"><div class=\"timeline-dot\"><\/div><\/div><div class=\"ult-timeline-arrow \"><s><\/s><l><\/l><\/div><div class=\"timeline-icon-block\"><div class=\"ult-timeline-icon tl-icon-no-bg\" style=\"   \"><\/div> <!-- icon --><\/div><div class=\"timeline-header-block\" >\n\t\t\t\t\t\t\t<div class=\"timeline-header\" id=\"timeline-featured-7789\"  style=\"\"><h3\n\t\t\t class=\"ult-timeline-title ult-responsive\"   data-ultimate-target='#timeline-featured-7789 .ult-timeline-title'  data-responsive-json-new='{\"font-size\":\"\",\"line-height\":\"\"}'  style=\"\"><\/h3><div class=\"ult-responsive custom-lht\"  data-ultimate-target='#timeline-featured-7789 .custom-lht'  data-responsive-json-new='{\"font-size\":\"\",\"line-height\":\"\"}'  style=\"\"><\/p>\n<h5 class=\"ult-timeline-title ult-responsive\" style=\"text-align: center;\" data-ultimate-target=\"#timeline-featured-1640 .ult-timeline-title\" data-responsive-json-new=\"{&quot;font-size&quot;:&quot;&quot;,&quot;line-height&quot;:&quot;&quot;}\">PROJECCIONS \/ PROYECCIONES \/ SCREENINGS<\/h5>\n<p style=\"text-align: center;\"><strong>Sede<\/strong>: Filmoteca de Catalunya<br \/>\n<strong>Selecci\u00f3n Oficial Documental: <\/strong><span style=\"text-decoration: underline;\">s\u00e1bado 11 de noviembre | 22h<\/span><br \/>\n<strong>Precio<\/strong>: <a href=\"http:\/\/www.filmoteca.cat\/web\/entrades-i-abonaments\/entrades\" target=\"_blank\">www.filmoteca.cat\/web\/entrades-i-abonaments\/entrades<\/a><br \/>\nProyecci\u00f3n de los 7 mejores documentales de danza recibidos en esta convocatoria.<\/p>\n<p><\/div><\/div> <!-- header --><\/div><\/div><div class=\"timeline-wrapper \"><\/div><\/div>[\/vc_column][vc_column width=\u00bb1\/4&#8243;][\/vc_column][\/vc_row][vc_row][vc_column width=\u00bb1\/3&#8243;]<div class=\"smile-icon-timeline-wrap csstime   \"     style=\"\"><div class=\"timeline-line \" style=\"border-right-color:;\"><span><\/span><\/div><div class=\"timeline-wrapper\"><\/div><div class=\"timeline-feature-item feat-item  \"><div class=\"feat-dot \"><div class=\"timeline-dot\"><\/div><\/div><div class=\"ult-timeline-arrow \"><s><\/s><l><\/l><\/div><div class=\"timeline-icon-block\"><div class=\"ult-timeline-icon tl-icon-no-bg\" style=\"   \"><\/div> <!-- icon --><\/div><div class=\"timeline-header-block\" >\n\t\t\t\t\t\t\t<div class=\"timeline-header\" id=\"timeline-featured-8037\"  style=\"\"><h3\n\t\t\t class=\"ult-timeline-title ult-responsive\"   data-ultimate-target='#timeline-featured-8037 .ult-timeline-title'  data-responsive-json-new='{\"font-size\":\"\",\"line-height\":\"\"}'  style=\"\">KICK BALL CHANGE<\/h3><div class=\"ult-responsive custom-lht\"  data-ultimate-target='#timeline-featured-8037 .custom-lht'  data-responsive-json-new='{\"font-size\":\"\",\"line-height\":\"\"}'  style=\"\"><\/p>\n<p class=\"p1\" style=\"text-align: center;\"><img decoding=\"async\" loading=\"lazy\" class=\"aligncenter size-medium wp-image-1261\" src=\"https:\/\/www.choreoscope.com\/ediciones-anteriores\/wp-content\/uploads\/2017\/08\/Kick-Ball-Change-300x200.jpg\" alt=\"Kick Ball Change\" width=\"300\" height=\"200\" srcset=\"https:\/\/www.choreoscope.com\/ediciones-anteriores\/wp-content\/uploads\/2017\/08\/Kick-Ball-Change-300x200.jpg 300w, https:\/\/www.choreoscope.com\/ediciones-anteriores\/wp-content\/uploads\/2017\/08\/Kick-Ball-Change-768x512.jpg 768w, https:\/\/www.choreoscope.com\/ediciones-anteriores\/wp-content\/uploads\/2017\/08\/Kick-Ball-Change.jpg 900w\" sizes=\"(max-width: 300px) 100vw, 300px\" \/><\/p>\n<p class=\"p1\" style=\"text-align: center;\">Rusia, EUA, Israel, 2016, 54\u2019 59\u2019\u2019<\/p>\n<p style=\"text-align: left;\"><strong>Director:\u00a0<\/strong>Guy Sadot<br \/>\n<strong>Coreograf\u00eda:\u00a0<\/strong>Maxim Kozhevnikov<\/p>\n<p style=\"text-align: left;\"><strong>Sinopsis:\u00a0<\/strong><\/p>\n<p class=\"p1\" style=\"text-align: left;\">Vistazo a la mente creativa, loca e inspiradora de Maxim Kozhevnikov, el cinco veces campe\u00f3n del mundo de baile de sal\u00f3n.<\/p>\n<p class=\"p1\" style=\"text-align: left;\"><em>A glimpse into the creative, crazy, and inspiring mind of Maxim Kozhevnikov, five-time professional world champion in ballroom dance.<\/em><\/p>\n<p><\/div><\/div> <!-- header --><\/div><\/div><div class=\"timeline-wrapper \"><\/div><\/div>[\/vc_column][vc_column width=\u00bb1\/3&#8243;]<div class=\"smile-icon-timeline-wrap csstime   \"     style=\"\"><div class=\"timeline-line \" style=\"border-right-color:;\"><span><\/span><\/div><div class=\"timeline-wrapper\"><\/div><div class=\"timeline-feature-item feat-item  \"><div class=\"feat-dot \"><div class=\"timeline-dot\"><\/div><\/div><div class=\"ult-timeline-arrow \"><s><\/s><l><\/l><\/div><div class=\"timeline-icon-block\"><div class=\"ult-timeline-icon tl-icon-no-bg\" style=\"   \"><\/div> <!-- icon --><\/div><div class=\"timeline-header-block\" >\n\t\t\t\t\t\t\t<div class=\"timeline-header\" id=\"timeline-featured-2957\"  style=\"\"><h3\n\t\t\t class=\"ult-timeline-title ult-responsive\"   data-ultimate-target='#timeline-featured-2957 .ult-timeline-title'  data-responsive-json-new='{\"font-size\":\"\",\"line-height\":\"\"}'  style=\"\">BALANC\u00c9<\/h3><div class=\"ult-responsive custom-lht\"  data-ultimate-target='#timeline-featured-2957 .custom-lht'  data-responsive-json-new='{\"font-size\":\"\",\"line-height\":\"\"}'  style=\"\"><\/p>\n<p style=\"text-align: center;\"><img decoding=\"async\" loading=\"lazy\" class=\"aligncenter size-medium wp-image-1262\" src=\"https:\/\/www.choreoscope.com\/ediciones-anteriores\/wp-content\/uploads\/2017\/08\/Balance\u0301-Laura-Purkiss-2-233x300.jpg\" alt=\"Balance\u0301\" width=\"233\" height=\"300\" srcset=\"https:\/\/www.choreoscope.com\/ediciones-anteriores\/wp-content\/uploads\/2017\/08\/Balance\u0301-Laura-Purkiss-2-233x300.jpg 233w, https:\/\/www.choreoscope.com\/ediciones-anteriores\/wp-content\/uploads\/2017\/08\/Balance\u0301-Laura-Purkiss-2-768x988.jpg 768w, https:\/\/www.choreoscope.com\/ediciones-anteriores\/wp-content\/uploads\/2017\/08\/Balance\u0301-Laura-Purkiss-2-796x1024.jpg 796w\" sizes=\"(max-width: 233px) 100vw, 233px\" \/><\/p>\n<p style=\"text-align: center;\">RU, 2016, 13\u2019 45\u2019\u2019<\/p>\n<p style=\"text-align: left;\"><strong>Director:\u00a0<\/strong>Ian Winstanley<br \/>\n<strong>Coreograf\u00eda: <\/strong>Laura Purkiss<\/p>\n<p style=\"text-align: left;\"><strong>Sinopsis:\u00a0<\/strong><\/p>\n<p class=\"p1\" style=\"text-align: left;\">Laura, solista de ballet, presenta las dificultades de conciliar la vida familiar con la dedicaci\u00f3n que requiere bailar en una compa\u00f1\u00eda de nivel mundial, al tiempo que nos descubre los desaf\u00edos de regresar al trabajo despu\u00e9s del parto.<\/p>\n<p class=\"p1\" style=\"text-align: left;\"><em>Ballet Soloist Laura presents the difficulties of balancing family with the dedication it takes to dance with a world-class ballet company, whilst uncovering the challenges in returning to work after childbirth.<\/em><\/p>\n<p><\/div><\/div> <!-- header --><\/div><\/div><div class=\"timeline-wrapper \"><\/div><\/div>[\/vc_column][vc_column width=\u00bb1\/3&#8243;]<div class=\"smile-icon-timeline-wrap csstime   \"     style=\"\"><div class=\"timeline-line \" style=\"border-right-color:;\"><span><\/span><\/div><div class=\"timeline-wrapper\"><\/div><div class=\"timeline-feature-item feat-item  \"><div class=\"feat-dot \"><div class=\"timeline-dot\"><\/div><\/div><div class=\"ult-timeline-arrow \"><s><\/s><l><\/l><\/div><div class=\"timeline-icon-block\"><div class=\"ult-timeline-icon tl-icon-no-bg\" style=\"   \"><\/div> <!-- icon --><\/div><div class=\"timeline-header-block\" >\n\t\t\t\t\t\t\t<div class=\"timeline-header\" id=\"timeline-featured-1003\"  style=\"\"><h3\n\t\t\t class=\"ult-timeline-title ult-responsive\"   data-ultimate-target='#timeline-featured-1003 .ult-timeline-title'  data-responsive-json-new='{\"font-size\":\"\",\"line-height\":\"\"}'  style=\"\">GLEICHGEWICHT<\/h3><div class=\"ult-responsive custom-lht\"  data-ultimate-target='#timeline-featured-1003 .custom-lht'  data-responsive-json-new='{\"font-size\":\"\",\"line-height\":\"\"}'  style=\"\"><img decoding=\"async\" loading=\"lazy\" class=\"size-medium wp-image-1263 alignleft aligncenter\" src=\"https:\/\/www.choreoscope.com\/ediciones-anteriores\/wp-content\/uploads\/2017\/08\/Gleichgewicht_still2-300x169.jpg\" alt=\"Gleichgewicht\" width=\"300\" height=\"169\" srcset=\"https:\/\/www.choreoscope.com\/ediciones-anteriores\/wp-content\/uploads\/2017\/08\/Gleichgewicht_still2-300x169.jpg 300w, https:\/\/www.choreoscope.com\/ediciones-anteriores\/wp-content\/uploads\/2017\/08\/Gleichgewicht_still2-768x432.jpg 768w, https:\/\/www.choreoscope.com\/ediciones-anteriores\/wp-content\/uploads\/2017\/08\/Gleichgewicht_still2-1024x576.jpg 1024w, https:\/\/www.choreoscope.com\/ediciones-anteriores\/wp-content\/uploads\/2017\/08\/Gleichgewicht_still2.jpg 1920w\" sizes=\"(max-width: 300px) 100vw, 300px\" \/><\/p>\n<p class=\"p1\" style=\"text-align: center;\">Austria, 2015, 5\u2019 12\u2019\u2019<\/p>\n<p style=\"text-align: left;\"><strong>Director:\u00a0<\/strong>Bernhard Wenger<br \/>\n<strong>Coreograf\u00eda: <\/strong>Denise<\/p>\n<p style=\"text-align: left;\"><strong>Sinopsis:\u00a0<\/strong><\/p>\n<p class=\"p1\" style=\"text-align: left;\">Denise, una j\u00f3ven de 20 a\u00f1os, visita casi todos los d\u00edas el parque de atracciones vien\u00e9s &#8216;Prater&#8217; para montarse en el carrusel electr\u00f3nico &#8216;Tagada&#8217; porque le ayuda a superar su dif\u00edcil pasado.<\/p>\n<p class=\"p1\" style=\"text-align: left;\"><em>Denise, a 20 year old girl visits nearly every day the Viennese &#8216;Prater&#8217; amusement park to take some rides with the electronic &#8216;Tagada&#8217; carousel because it helps her to get over her difficult past.<\/em><\/p>\n<p><\/div><\/div> <!-- header --><\/div><\/div><div class=\"timeline-wrapper \"><\/div><\/div>[\/vc_column][\/vc_row][vc_row][vc_column]<div class=\"ult-spacer spacer-69f0790cd5f4d\" data-id=\"69f0790cd5f4d\" data-height=\"10\" data-height-mobile=\"10\" data-height-tab=\"10\" data-height-tab-portrait=\"\" data-height-mobile-landscape=\"\" style=\"clear:both;display:block;\"><\/div>[vc_column_text]<\/p>\n<h4 class=\"ult-timeline-title ult-responsive\" style=\"text-align: center;\" data-ultimate-target=\"#timeline-featured-4181 .ult-timeline-title\" data-responsive-json-new=\"{&quot;font-size&quot;:&quot;&quot;,&quot;line-height&quot;:&quot;&quot;}\">Las pel\u00edculas de la Selecci\u00f3n Oficial \u00a0y de J\u00f3venes Talentos disponibles tambi\u00e9n en FILMIN<\/h4>\n<div class=\"ult-responsive custom-lht\" data-ultimate-target=\"#timeline-featured-4181 .custom-lht\" data-responsive-json-new=\"{&quot;font-size&quot;:&quot;&quot;,&quot;line-height&quot;:&quot;&quot;}\">\n<p style=\"text-align: center;\"><a href=\"https:\/\/www.filmin.es\/canal\/choreoscope\" target=\"_blank\"><img decoding=\"async\" loading=\"lazy\" class=\"aligncenter wp-image-475 size-full\" src=\"https:\/\/www.choreoscope.com\/ediciones-anteriores\/wp-content\/uploads\/2016\/01\/filmin-logo-e1454250434290.png\" alt=\"filmin logo\" width=\"150\" height=\"42\" data-pin-nopin=\"true\" \/><\/a>No te las pierdas!<\/p>\n<p style=\"text-align: center;\">A partir del 10 de Noviembre puedes ver las pel\u00edculas de la Selecci\u00f3n Oficial y J\u00f3venes Talentos Choreoscope 2017 tambi\u00e9n en FILMIN.\u00a0<a href=\"https:\/\/www.filmin.es\/canal\/choreoscope\" target=\"_blank\">Descubre nuestro canal AQU\u00cd.<\/a><\/p>\n<\/div>\n<p>[\/vc_column_text]<div class=\"ult-spacer spacer-69f0790cd5f73\" data-id=\"69f0790cd5f73\" data-height=\"10\" data-height-mobile=\"10\" data-height-tab=\"10\" data-height-tab-portrait=\"\" data-height-mobile-landscape=\"\" style=\"clear:both;display:block;\"><\/div>[\/vc_column][\/vc_row][vc_row][vc_column width=\u00bb1\/3&#8243;]<div class=\"smile-icon-timeline-wrap csstime   \"     style=\"\"><div class=\"timeline-line \" style=\"border-right-color:;\"><span><\/span><\/div><div class=\"timeline-wrapper\"><\/div><div class=\"timeline-feature-item feat-item  \"><div class=\"feat-dot \"><div class=\"timeline-dot\"><\/div><\/div><div class=\"ult-timeline-arrow \"><s><\/s><l><\/l><\/div><div class=\"timeline-icon-block\"><div class=\"ult-timeline-icon tl-icon-no-bg\" style=\"   \"><\/div> <!-- icon --><\/div><div class=\"timeline-header-block\" >\n\t\t\t\t\t\t\t<div class=\"timeline-header\" id=\"timeline-featured-2882\"  style=\"\"><h3\n\t\t\t class=\"ult-timeline-title ult-responsive\"   data-ultimate-target='#timeline-featured-2882 .ult-timeline-title'  data-responsive-json-new='{\"font-size\":\"\",\"line-height\":\"\"}'  style=\"\">FOR A MOMENT<\/h3><div class=\"ult-responsive custom-lht\"  data-ultimate-target='#timeline-featured-2882 .custom-lht'  data-responsive-json-new='{\"font-size\":\"\",\"line-height\":\"\"}'  style=\"\"><\/p>\n<p class=\"p1\" style=\"text-align: center;\"><img decoding=\"async\" loading=\"lazy\" class=\"aligncenter size-medium wp-image-1265\" src=\"https:\/\/www.choreoscope.com\/ediciones-anteriores\/wp-content\/uploads\/2017\/08\/\u00a9-Silex-Films-\u2013-Ope\u0301ra-national-de-Paris-\u2013-2016_Picture_02-300x169.jpg\" alt=\"for a moment\" width=\"300\" height=\"169\" srcset=\"https:\/\/www.choreoscope.com\/ediciones-anteriores\/wp-content\/uploads\/2017\/08\/\u00a9-Silex-Films-\u2013-Ope\u0301ra-national-de-Paris-\u2013-2016_Picture_02-300x169.jpg 300w, https:\/\/www.choreoscope.com\/ediciones-anteriores\/wp-content\/uploads\/2017\/08\/\u00a9-Silex-Films-\u2013-Ope\u0301ra-national-de-Paris-\u2013-2016_Picture_02-768x432.jpg 768w, https:\/\/www.choreoscope.com\/ediciones-anteriores\/wp-content\/uploads\/2017\/08\/\u00a9-Silex-Films-\u2013-Ope\u0301ra-national-de-Paris-\u2013-2016_Picture_02-1024x576.jpg 1024w, https:\/\/www.choreoscope.com\/ediciones-anteriores\/wp-content\/uploads\/2017\/08\/\u00a9-Silex-Films-\u2013-Ope\u0301ra-national-de-Paris-\u2013-2016_Picture_02.jpg 1920w\" sizes=\"(max-width: 300px) 100vw, 300px\" \/><\/p>\n<p class=\"p1\" style=\"text-align: center;\">Francia, 2016, 9\u2019 16\u2019\u2019<\/p>\n<p style=\"text-align: left;\"><strong>Director:\u00a0<\/strong>Cl\u00e9mence Po\u00e9sy<br \/>\n<strong>Coreograf\u00eda: <\/strong>Alumnos de la\u00a0Opera Nacional de Par\u00eds<\/p>\n<p style=\"text-align: left;\"><strong>Sinopsis:\u00a0<\/strong><\/p>\n<p class=\"p1\" style=\"text-align: left;\">Cl\u00e9mence Po\u00e9sy observa de cerca a los estudiantes de la escuela de ballet de la \u00d3pera de Par\u00eds, que entrenan incansablemente para construirse un futuro como bailarines y ejercitan sus cuerpos d\u00eda tras d\u00eda.<\/p>\n<p class=\"p1\" style=\"text-align: left;\"><em>Observing in close ups the students at the ballet school of the Opera de Paris, training tirelessly to build their future as dancers, Cl\u00e9mence Po\u00e9sy offers an original outlook that leaves out of frame the bodies these girls and boys tame everyday.\u00a0<\/em><\/p>\n<p><\/div><\/div> <!-- header --><\/div><\/div><div class=\"timeline-wrapper \"><\/div><\/div>[\/vc_column][vc_column width=\u00bb1\/3&#8243;]<div class=\"smile-icon-timeline-wrap csstime   \"     style=\"\"><div class=\"timeline-line \" style=\"border-right-color:;\"><span><\/span><\/div><div class=\"timeline-wrapper\"><\/div><div class=\"timeline-feature-item feat-item  \"><div class=\"feat-dot \"><div class=\"timeline-dot\"><\/div><\/div><div class=\"ult-timeline-arrow \"><s><\/s><l><\/l><\/div><div class=\"timeline-icon-block\"><div class=\"ult-timeline-icon tl-icon-no-bg\" style=\"   \"><\/div> <!-- icon --><\/div><div class=\"timeline-header-block\" >\n\t\t\t\t\t\t\t<div class=\"timeline-header\" id=\"timeline-featured-9874\"  style=\"\"><h3\n\t\t\t class=\"ult-timeline-title ult-responsive\"   data-ultimate-target='#timeline-featured-9874 .ult-timeline-title'  data-responsive-json-new='{\"font-size\":\"\",\"line-height\":\"\"}'  style=\"\">DANCING IN LIMBO<\/h3><div class=\"ult-responsive custom-lht\"  data-ultimate-target='#timeline-featured-9874 .custom-lht'  data-responsive-json-new='{\"font-size\":\"\",\"line-height\":\"\"}'  style=\"\"><\/p>\n<p style=\"text-align: center;\"><img decoding=\"async\" loading=\"lazy\" class=\"alignleft size-medium wp-image-1266\" src=\"https:\/\/www.choreoscope.com\/ediciones-anteriores\/wp-content\/uploads\/2017\/08\/Photo-4-DILstill_3-300x169.jpg\" alt=\"limbo\" width=\"300\" height=\"169\" srcset=\"https:\/\/www.choreoscope.com\/ediciones-anteriores\/wp-content\/uploads\/2017\/08\/Photo-4-DILstill_3-300x169.jpg 300w, https:\/\/www.choreoscope.com\/ediciones-anteriores\/wp-content\/uploads\/2017\/08\/Photo-4-DILstill_3-768x432.jpg 768w, https:\/\/www.choreoscope.com\/ediciones-anteriores\/wp-content\/uploads\/2017\/08\/Photo-4-DILstill_3-1024x576.jpg 1024w, https:\/\/www.choreoscope.com\/ediciones-anteriores\/wp-content\/uploads\/2017\/08\/Photo-4-DILstill_3.jpg 1920w\" sizes=\"(max-width: 300px) 100vw, 300px\" \/>EUA, 2017, 14\u2019 00\u2019\u2019<\/p>\n<p style=\"text-align: left;\"><strong>Director:\u00a0<\/strong>Amanda Larsh, Hannah Bradford, Caroline Roffe, Nick McDonald<br \/>\n<strong>Coreograf\u00eda:\u00a0<\/strong>Salama Dance Crew<\/p>\n<p style=\"text-align: left;\"><strong>Sinopsis:\u00a0<\/strong><\/p>\n<p class=\"p1\" style=\"text-align: left;\">Cuando la danza se convierte en la \u00fanica forma de expresarse y de olvidar los problemas, surge la verdadera pasi\u00f3n. Es esta pasi\u00f3n por superarse y de demostrar al mundo que son tan buenos como sus \u00eddolos americanos la que motiva a un grupo de j\u00f3venes bailarines dentro del campo de refugiados Dzaleka.<\/p>\n<p class=\"p1\" style=\"text-align: left;\"><em>When dance becomes the only way to express yourself and forget your troubles, true passion emerges. It\u2019s this passion to overcome, to prove themselves and to show the world that they\u2019re people too that drives a group of young dancers inside the Dzaleka Refugee Camp to prove they\u2019re just as good as their American idols.<\/em><\/p>\n<p><\/div><\/div> <!-- header --><\/div><\/div><div class=\"timeline-wrapper \"><\/div><\/div>[\/vc_column][vc_column width=\u00bb1\/3&#8243;]<div class=\"smile-icon-timeline-wrap csstime   \"     style=\"\"><div class=\"timeline-line \" style=\"border-right-color:;\"><span><\/span><\/div><div class=\"timeline-wrapper\"><\/div><div class=\"timeline-feature-item feat-item  \"><div class=\"feat-dot \"><div class=\"timeline-dot\"><\/div><\/div><div class=\"ult-timeline-arrow \"><s><\/s><l><\/l><\/div><div class=\"timeline-icon-block\"><div class=\"ult-timeline-icon tl-icon-no-bg\" style=\"   \"><\/div> <!-- icon --><\/div><div class=\"timeline-header-block\" >\n\t\t\t\t\t\t\t<div class=\"timeline-header\" id=\"timeline-featured-9973\"  style=\"\"><h3\n\t\t\t class=\"ult-timeline-title ult-responsive\"   data-ultimate-target='#timeline-featured-9973 .ult-timeline-title'  data-responsive-json-new='{\"font-size\":\"\",\"line-height\":\"\"}'  style=\"\">LIFE ON STAGE<\/h3><div class=\"ult-responsive custom-lht\"  data-ultimate-target='#timeline-featured-9973 .custom-lht'  data-responsive-json-new='{\"font-size\":\"\",\"line-height\":\"\"}'  style=\"\"><\/p>\n<p class=\"p1\" style=\"text-align: center;\"><img decoding=\"async\" loading=\"lazy\" class=\"aligncenter size-medium wp-image-1437\" src=\"https:\/\/www.choreoscope.com\/ediciones-anteriores\/wp-content\/uploads\/2017\/09\/C0008T01-300x169.jpg\" alt=\"stage\" width=\"300\" height=\"169\" srcset=\"https:\/\/www.choreoscope.com\/ediciones-anteriores\/wp-content\/uploads\/2017\/09\/C0008T01-300x169.jpg 300w, https:\/\/www.choreoscope.com\/ediciones-anteriores\/wp-content\/uploads\/2017\/09\/C0008T01-768x432.jpg 768w, https:\/\/www.choreoscope.com\/ediciones-anteriores\/wp-content\/uploads\/2017\/09\/C0008T01-1024x576.jpg 1024w, https:\/\/www.choreoscope.com\/ediciones-anteriores\/wp-content\/uploads\/2017\/09\/C0008T01.jpg 1280w\" sizes=\"(max-width: 300px) 100vw, 300px\" \/><\/p>\n<p class=\"p1\" style=\"text-align: center;\">RU, 2017, 11\u2019 34\u2019\u2019<\/p>\n<p style=\"text-align: left;\"><strong>Director:\u00a0<\/strong>Nicola Leddy<br \/>\n<strong>Coreograf\u00eda: <\/strong>Thomas Michael Voss<\/p>\n<p style=\"text-align: left;\"><strong>Sinopsis:\u00a0<\/strong><\/p>\n<p class=\"p1\" style=\"text-align: left;\">Joshua Robertson tuvo un accidente a los 11 a\u00f1os y sufri\u00f3 graves da\u00f1os cerebrales. A pesar de su discapacidad comenz\u00f3 a trabajar como comediante y despu\u00e9s de una reuni\u00f3n casual con Thomas Michael Voss se apasion\u00f3 por la danza.<\/p>\n<p class=\"p1\" style=\"text-align: left;\"><em>Joshua Robertson\u00a0had an accident at the age of 11 and suffered severe brain damage. Despite his disability he began working as a standup comedian and after a chance meeting with Thomas Michael Voss took up a new passion for dance.<\/em><\/p>\n<p><\/div><\/div> <!-- header --><\/div><\/div><div class=\"timeline-wrapper \"><\/div><\/div>[\/vc_column][\/vc_row][vc_row][vc_column width=\u00bb1\/3&#8243;][\/vc_column][vc_column width=\u00bb1\/3&#8243;]<div class=\"smile-icon-timeline-wrap csstime   \"     style=\"\"><div class=\"timeline-line \" style=\"border-right-color:;\"><span><\/span><\/div><div class=\"timeline-wrapper\"><\/div><div class=\"timeline-feature-item feat-item  \"><div class=\"feat-dot \"><div class=\"timeline-dot\"><\/div><\/div><div class=\"ult-timeline-arrow \"><s><\/s><l><\/l><\/div><div class=\"timeline-icon-block\"><div class=\"ult-timeline-icon tl-icon-no-bg\" style=\"   \"><\/div> <!-- icon --><\/div><div class=\"timeline-header-block\" >\n\t\t\t\t\t\t\t<div class=\"timeline-header\" id=\"timeline-featured-3324\"  style=\"\"><h3\n\t\t\t class=\"ult-timeline-title ult-responsive\"   data-ultimate-target='#timeline-featured-3324 .ult-timeline-title'  data-responsive-json-new='{\"font-size\":\"\",\"line-height\":\"\"}'  style=\"\">SAMA<\/h3><div class=\"ult-responsive custom-lht\"  data-ultimate-target='#timeline-featured-3324 .custom-lht'  data-responsive-json-new='{\"font-size\":\"\",\"line-height\":\"\"}'  style=\"\"><\/p>\n<p style=\"text-align: center;\"><img decoding=\"async\" loading=\"lazy\" class=\"aligncenter size-medium wp-image-1269\" src=\"https:\/\/www.choreoscope.com\/ediciones-anteriores\/wp-content\/uploads\/2017\/08\/Photo-1-Samaphoto1-300x178.jpg\" alt=\"sama\" width=\"300\" height=\"178\" srcset=\"https:\/\/www.choreoscope.com\/ediciones-anteriores\/wp-content\/uploads\/2017\/08\/Photo-1-Samaphoto1-300x178.jpg 300w, https:\/\/www.choreoscope.com\/ediciones-anteriores\/wp-content\/uploads\/2017\/08\/Photo-1-Samaphoto1-768x457.jpg 768w, https:\/\/www.choreoscope.com\/ediciones-anteriores\/wp-content\/uploads\/2017\/08\/Photo-1-Samaphoto1-1024x609.jpg 1024w, https:\/\/www.choreoscope.com\/ediciones-anteriores\/wp-content\/uploads\/2017\/08\/Photo-1-Samaphoto1.jpg 1416w\" sizes=\"(max-width: 300px) 100vw, 300px\" \/><\/p>\n<p style=\"text-align: center;\">Irak, 2017, 15\u2019 00\u2019\u2019<\/p>\n<p style=\"text-align: left;\"><strong>Director:\u00a0<\/strong>Mazin M Sherabayani<br \/>\n<strong>Coreograf\u00eda: <\/strong>Robar Mercedes, Nyaz Latif<\/p>\n<p style=\"text-align: left;\"><strong>Sinopsis:\u00a0<\/strong><\/p>\n<p class=\"p1\" style=\"text-align: left;\">Robar y su familia est\u00e1n decididos a crear un grupo profesional de danza de ballet a pesar de las amenazas, la falta de fondos y de un lugar para practicar. \u00bfPueden la esperanza y la pasi\u00f3n superar a los miedos?<\/p>\n<p class=\"p1\" style=\"text-align: left;\"><em>Robar and her family are determined to establish a professional ballet dance group, despite the threats, lack of funds and a place to practice. Can hope and passion overcome fear and narrow mindedness.<\/em><\/p>\n<p><\/div><\/div> <!-- header --><\/div><\/div><div class=\"timeline-wrapper \"><\/div><\/div>[\/vc_column][vc_column width=\u00bb1\/3&#8243;][\/vc_column][\/vc_row][vc_row][vc_column]<div class=\"ult-spacer spacer-69f0790cd6354\" data-id=\"69f0790cd6354\" data-height=\"30\" data-height-mobile=\"30\" data-height-tab=\"30\" data-height-tab-portrait=\"\" data-height-mobile-landscape=\"\" style=\"clear:both;display:block;\"><\/div><div class=\"dt-fancy-separator h3-size accent-title-color\" style=\"width: 100%;\"><div class=\"dt-fancy-title\"><span class=\"separator-holder separator-left\" style=\"border-color: #e96c4c;\"><\/span>JURADO<span class=\"separator-holder separator-right\" style=\"border-color: #e96c4c;\"><\/span><\/div><\/div>[vc_single_image image=\u00bb247&#8243; img_size=\u00bbfull\u00bb alignment=\u00bbcenter\u00bb][\/vc_column][\/vc_row][vc_row][vc_column width=\u00bb1\/3&#8243;][vc_column_text]<a class=\"dt-single-image\" href=\"https:\/\/www.choreoscope.com\/ediciones-anteriores\/wp-content\/uploads\/2015\/10\/Valerie-Delpierre1.jpg\" data-dt-img-description=\"\"><img decoding=\"async\" loading=\"lazy\" class=\"alignleft size-thumbnail wp-image-327\" src=\"https:\/\/www.choreoscope.com\/ediciones-anteriores\/wp-content\/uploads\/2015\/10\/Valerie-Delpierre1-150x150.jpg\" alt=\"Valerie Delpierre\" width=\"150\" height=\"150\" \/><\/a><\/p>\n<div style=\"text-align: justify;\"><strong>VAL\u00c9RIE DELPIERRE<\/strong><\/div>\n<div style=\"text-align: justify;\">\n<p style=\"text-align: left;\">Productora fundadora de Inicia Films (Barcelona), desde donde produce documentales, cortometrajes y largometrajes de ficci\u00f3n con especial inter\u00e9s en desarrollar los proyectos de nuevos talentos y en trabajar en coproducciones internacionales. Ha participado en pel\u00edculas como la recientemente estrenada <em>B<\/em> (David Ilundain) sobre la declaraci\u00f3n de Luis Barcenas ante el juez Ruz, el documental <em>La\u00a0Int\u00e9rprete <\/em>(Antonio P\u00e9rez Molero) que se acaba de estrenar en el World Film Festival de Montreal o <em>Godka Cirka<\/em> (Alex Lora), premio al mejor cortometraje Gaud\u00ed 2014. Inicia Films colabora tambi\u00e9n con productoras independientes para orientar y coordinar el desarrollo de sus proyectos. Val\u00e9rie Delpierre es presidenta de la Asociaci\u00f3n de Productores de Documental PRO-DOCS.<\/p>\n<\/div>\n<p>[\/vc_column_text][\/vc_column][vc_column width=\u00bb1\/3&#8243;][vc_column_text]<a class=\"dt-single-image\" href=\"https:\/\/www.choreoscope.com\/ediciones-anteriores\/wp-content\/uploads\/2015\/10\/manubl-e1445258139239.jpg\" data-dt-img-description=\"\"><img decoding=\"async\" loading=\"lazy\" class=\"alignleft wp-image-321 size-thumbnail\" src=\"https:\/\/www.choreoscope.com\/ediciones-anteriores\/wp-content\/uploads\/2015\/10\/manubl-e1445258139239-150x150.jpg\" alt=\"MANU BENAVENTE\" width=\"150\" height=\"150\" \/><\/a><\/p>\n<p class=\"ox-aa9fe42a4c-MsoNormal\" style=\"text-align: justify;\"><strong>MANU BENAVENTE<\/strong><\/p>\n<p class=\"ox-aa9fe42a4c-MsoNormal\" style=\"text-align: left;\">Realizador-coordinador del programa de informaci\u00f3n cinematogr\u00e1fica <em>Va de cine<\/em> (TVE) en los festivales de Cannes, Berl\u00edn, Sitges y San Sebasti\u00e1n. En 1993 cofund\u00f3 MANUAL SCCL junto a Alfonso Garrido. Es Codirector y Productor Ejecutivo de los documentales <em>La mirada d\u2019un ge\u00f2graf. Vida i viatges de Gon\u00e7al de Reparaz<\/em> y <em>La historia d\u2019un teatre lliure<\/em> junto a TV3. Tambi\u00e9n es Productor Ejecutivo del documental <em>Azala\u00ef, la darrera caravana<\/em> y ha dirigido y realizado el programa especial <em>Nus<\/em> de TV3. Ha dirigido los cortometrajes <em>Hermanos<\/em> (finalista en diversos festivales internacionales), <em>Mi viejo y el Mar<\/em> (seleccionado el Festival Internacional de Montreal 2015), <em>L\u2019aventura del Catalunya<\/em> y <em>Guillem d\u2019Efak<\/em>.<em> La veu de l\u2019illa<\/em>. Es profesor en diversos cursos de capacitaci\u00f3n en medios audiovisuales para inmigrantes (plataforma MIGRAMEDIA) y profesor en el Instituto de Educaci\u00f3n Continua de la UPF.<\/p>\n<div style=\"text-align: left;\"><\/div>\n<p>[\/vc_column_text][\/vc_column][vc_column width=\u00bb1\/3&#8243;][vc_column_text]<\/p>\n<p style=\"text-align: justify;\"><a class=\"dt-single-image\" href=\"https:\/\/www.choreoscope.com\/ediciones-anteriores\/wp-content\/uploads\/2015\/10\/Producer-Laura-Collado.jpg\" data-dt-img-description=\"\"><img decoding=\"async\" loading=\"lazy\" class=\"alignleft size-thumbnail wp-image-328\" src=\"https:\/\/www.choreoscope.com\/ediciones-anteriores\/wp-content\/uploads\/2015\/10\/Producer-Laura-Collado-150x150.jpg\" alt=\"Laura Collado\" width=\"150\" height=\"150\" \/><\/a><strong>LAURA COLLADO<\/strong><\/p>\n<p style=\"text-align: left;\">Productora Ejecutiva en Trueday Films. Se inici\u00f3 en la producci\u00f3n audiovisual en late night-shows para MTV Italia (<em>Italo Spagnolo<\/em>) y TV3 (<em>Boqueria 357<\/em>). Con la productora JWP colabora en reportajes para \u201cPeople &amp; Power\u201d Al Jazeera Internacional y en documentales como <em>Transplantant la vida<\/em> para TVC. Productora delegada de Andoliado Producciones durante 3 a\u00f1os, participa en varios documentales como <em>La Casa<\/em> (Tayo Cort\u00e9s), galardonada con el Silver Dove en Dok Leipzig, y <em>Yorgos-Reiventando Rapa Nui <\/em>(Paco Toledo y Jos\u00e9 Domingo Rivera), que consigue el apoyo de MEDIA y se presenta en el Festival de M\u00e1laga. En 2012 funda Trueday Films, con la que produce sus primeros cortos documentales, como <em>Alianait-Art in the Arctic<\/em>. Actualmente dirige su primer largometraje documental, <em>Constructing Albert<\/em> que tiene como protagonista a Albert Adri\u00e0, hermano de Ferran Adri\u00e0 y coart\u00edfice de elBulli.<\/p>\n<p>[\/vc_column_text][\/vc_column][\/vc_row]<\/p>\n<\/section>","protected":false},"excerpt":{"rendered":"<p>[vc_row][vc_column width=\u00bb1\/4&#8243;][\/vc_column][vc_column width=\u00bb1\/2&#8243;][\/vc_column][vc_column width=\u00bb1\/4&#8243;][\/vc_column][\/vc_row][vc_row][vc_column width=\u00bb1\/3&#8243;][\/vc_column][vc_column width=\u00bb1\/3&#8243;][\/vc_column][vc_column width=\u00bb1\/3&#8243;][\/vc_column][\/vc_row][vc_row][vc_column][vc_column_text] Las pel\u00edculas de la Selecci\u00f3n Oficial \u00a0y de J\u00f3venes Talentos disponibles tambi\u00e9n en FILMIN No te las pierdas! A partir del 10 de Noviembre puedes ver las pel\u00edculas de la Selecci\u00f3n Oficial y J\u00f3venes Talentos Choreoscope 2017 tambi\u00e9n en FILMIN.\u00a0Descubre nuestro canal AQU\u00cd. [\/vc_column_text][\/vc_column][\/vc_row][vc_row][vc_column width=\u00bb1\/3&#8243;][\/vc_column][vc_column width=\u00bb1\/3&#8243;][\/vc_column][vc_column width=\u00bb1\/3&#8243;][\/vc_column][\/vc_row][vc_row][vc_column width=\u00bb1\/3&#8243;][\/vc_column][vc_column&hellip;<\/p>\n","protected":false},"author":2,"featured_media":0,"parent":0,"menu_order":0,"comment_status":"closed","ping_status":"closed","template":"","meta":[],"_links":{"self":[{"href":"https:\/\/www.choreoscope.com\/ediciones-anteriores\/wp-json\/wp\/v2\/pages\/1380"}],"collection":[{"href":"https:\/\/www.choreoscope.com\/ediciones-anteriores\/wp-json\/wp\/v2\/pages"}],"about":[{"href":"https:\/\/www.choreoscope.com\/ediciones-anteriores\/wp-json\/wp\/v2\/types\/page"}],"author":[{"embeddable":true,"href":"https:\/\/www.choreoscope.com\/ediciones-anteriores\/wp-json\/wp\/v2\/users\/2"}],"replies":[{"embeddable":true,"href":"https:\/\/www.choreoscope.com\/ediciones-anteriores\/wp-json\/wp\/v2\/comments?post=1380"}],"version-history":[{"count":15,"href":"https:\/\/www.choreoscope.com\/ediciones-anteriores\/wp-json\/wp\/v2\/pages\/1380\/revisions"}],"predecessor-version":[{"id":1601,"href":"https:\/\/www.choreoscope.com\/ediciones-anteriores\/wp-json\/wp\/v2\/pages\/1380\/revisions\/1601"}],"wp:attachment":[{"href":"https:\/\/www.choreoscope.com\/ediciones-anteriores\/wp-json\/wp\/v2\/media?parent=1380"}],"curies":[{"name":"wp","href":"https:\/\/api.w.org\/{rel}","templated":true}]}}